{"id":11502,"date":"2019-03-21T15:20:48","date_gmt":"2019-03-21T20:20:48","guid":{"rendered":"https:\/\/iefjc.edu.co\/web\/?page_id=11502"},"modified":"2024-04-20T18:13:22","modified_gmt":"2024-04-20T23:13:22","slug":"nuestro-colegio","status":"publish","type":"page","link":"https:\/\/iefjc.edu.co\/web\/nuestro-colegio\/","title":{"rendered":"Nuestro Colegio"},"content":{"rendered":"<div class=\"wpb-content-wrapper\"><p>[vc_row][vc_column]<div class=\"thim-widget-heading template-base\"><div class=\"sc_heading  text-center\"><h3 style=\"font-size:35px;font-weight:600;\" class=\"title\">Informaci\u00f3n <strong>Institucional<\/strong><\/h3><\/div><\/div>[\/vc_column][\/vc_row][vc_row css=\u00bb.vc_custom_1559531433775{margin-bottom: 15px !important;}\u00bb][vc_column width=\u00bb1\/2&#8243; css=\u00bb.vc_custom_1562189724494{margin-bottom: 30px !important;}\u00bb][vc_column_text]<\/p>\n<h3 class=\"thim-text-title\">Misi\u00f3n<\/h3>\n<p>La Instituci\u00f3n Educativa Francisco Jos\u00e9 de Caldas, es un establecimiento de car\u00e1cter oficial que ofrece los niveles de preescolar, b\u00e1sica primaria y secundaria, media acad\u00e9mica y t\u00e9cnica, bachillerato por ciclos y programas flexibles, creada para la formaci\u00f3n integral de la comunidad tibuyana con car\u00e1cter inclusivo, a trav\u00e9s de un Proyecto Educativo que incida significativamente en el desarrollo de sus competencias intelectuales, laborales y ciudadanas.[\/vc_column_text][\/vc_column][vc_column width=\u00bb1\/2&#8243; css=\u00bb.vc_custom_1562189717474{margin-bottom: 30px !important;}\u00bb][vc_column_text]<\/p>\n<h3 class=\"thim-text-title\">Visi\u00f3n<\/h3>\n<p>La Instituci\u00f3n Educativa Francisco Jos\u00e9 de Caldas, ser\u00e1 reconocida por ser gestora de paz, por su excelencia administrativa y acad\u00e9mica, l\u00edder en el respeto a los derechos humanos y la promoci\u00f3n de desarrollo integral de la regi\u00f3n del Catatumbo.[\/vc_column_text][\/vc_column][vc_column][vc_column_text]<\/p>\n<h3 class=\"thim-text-title\">RESE\u00d1A HIST\u00d3RICA<\/h3>\n<h2 style=\"text-align: center;\"><strong>EL FRANCISCO JOS\u00c9 DE CALDAS<\/strong><\/h2>\n<p>&nbsp;<\/p>\n<p>En todas partes, hay instituciones que son un \u00edcono y son referente de una comunidad o regi\u00f3n, me har\u00eda interminable en nombrarlas una por una por su val\u00eda o supremac\u00eda; ellas son las que congregan a sus miembros como lo hace una madre en su regazo para recibir a sus hijos, por tal motivo, me voy a referir solamente a una instituci\u00f3n que logra que los tibuyanos se llenen de orgullo al apellidarse CALDISTA, ser miembro de la familia es un honor que cuesta y muy pocos en Tib\u00fa no lo son, aunque por diferentes motivos han llegado a serlo, sin haber recorrido sus instalaciones educativas.<\/p>\n<p>El colegio Francisco Jos\u00e9 de Caldas llega a sus cincuenta a\u00f1os ininterrumpidos plet\u00f3rico de juventud y dejando una impronta imperecedera en los j\u00f3venes que han pasado por sus salones \u00a0y que los ha llevado a destacarse en diferentes actividades profesionales y t\u00e9cnicas.<\/p>\n<p>Los que recordamos que en el segundo semestre de 1.967 la Asamblea Departamental cre\u00f3 por Ordenanza al colegio Departamental Integrado de Bachillerato en el corregimiento, nunca llegamos a presentir que 50 a\u00f1os despu\u00e9s, la instituci\u00f3n educativa fuera a llegar a la cumbre en donde hoy se encuentra y que por solicitud de la Junta Comunal de ese entonces, se le sustrajeron, al Instituto Nari\u00f1o, 16 estudiantes de los cuales solamente recuerdo a Jes\u00fas Alberto Escalante Jaime, Carmen Ram\u00f3n L\u00f3pez Buitrago, Amira Ascencio y\u00a0 a Rafael Porras con el fin de que se iniciara el bachillerato dirigido entonces por el rector se\u00f1or Jos\u00e9 Rosario Berm\u00fadez y dos profesoras, Ana Dilia Yaruro y Carmen de quien no evoco su apellido, quienes se encargaron de sentar las bases y de iniciar la obra educativa en las instalaciones del Sal\u00f3n Carmen, local propiedad de don Alfonso Brice\u00f1o, alto ejecutivo de la Colpet, all\u00ed mismo en donde hoy funciona el comando de la Polic\u00eda Nacional. Un a\u00f1o despu\u00e9s la Empresa petrolera Colpet dona los terrenos y la estructura en donde funcionaba el comisariato y para all\u00ed se traslad\u00f3 el colegio Departamental bajo la direcci\u00f3n del se\u00f1or Luis Fernando Ardila Moreno; el destacamento militar del Grupo Maza, acantonado en Tib\u00fa, mientras tanto se encarg\u00f3 de desarmar y armar los campamentos petroleros, tambi\u00e9n donados por la Colpet, para que fungieran de aulas a los j\u00f3venes tibuyanos, convirti\u00e9ndose desde ese momento en el centro estudiantil m\u00e1s importante de \u00e9ste lado del Catatumbo.<\/p>\n<p>La instituci\u00f3n ha registrado una gran metamorfosis tanto en el plano educativo como en el plano f\u00edsico y estructural, pas\u00f3 de llamarse en sus albores colegio Departamental integrado o colegio \u201cFrancisco Jos\u00e9 de Tablas\u201d, con un rector , dos profesoras y 16 estudiantes a contar con un rector, dos coordinadores, m\u00e1s docentes, un gran n\u00famero de alumnos y dos jornadas de atenci\u00f3n al d\u00eda en la sede central y \u00a0a ser el epicentro de diferentes demostraciones culturales y c\u00edvicas de la regi\u00f3n, casi podemos decir que sus instalaciones han sido la muestra de muchos actos democr\u00e1ticos\u00a0 y de cari\u00f1o institucional, su nombre fue producto de una votaci\u00f3n popular; en la \u00e9poca m\u00e1s violenta y por ausentismo de los rectores que eran amenazados, se eligi\u00f3 rector por votaci\u00f3n democr\u00e1tica,\u00a0 suceso sui generis en el pa\u00eds, en el 2001 cuando fuimos invadidos por los \u201cRaspachines\u201d y por haber incendiado\u00a0 y robado los instrumentos de la banda de marcha del colegio, la comunidad caldista se levant\u00f3 en contra de los usurpadores oblig\u00e1ndolos a\u00a0 desocupar la ciudad y adem\u00e1s cualquier evento organizado y realizado por el colegio, como el d\u00eda de la colombianidad, la semana cultural, con sus comparsas y el festival vallenato o las jornadas deportivas, son esperadas y respaldadas con afecto y admiraci\u00f3n, por eso el Francisco Jos\u00e9 de Caldas es el orgullo de todos y cada uno de los tibuyanos, puesto que desde el 30 de septiembre del 2002, por resoluci\u00f3n 00874, se crea la Instituci\u00f3n Educativa Colegio Departamental Francisco Jos\u00e9 de Caldas y se le adicionan las siguientes sedes: Colegio B\u00e1sico Pueblo Nuevo, Escuelas La Esperanza, Kennedy, Marco Fidel Suarez, Camilo Torres y la Uni\u00f3n, contando entonces con un rector, cinco Coordinadores, 150 docentes y una Psic\u00f3loga y 4.200 alumnos, muchos de sus egresados ocupan hoy cargos p\u00fablicos y privados con lujo de detalles.<\/p>\n<p>Cumplir CINCUENTA a\u00f1os, \u00a1medio siglo! y estar empoderado de esa forma en la regi\u00f3n es apenas un peque\u00f1o pelda\u00f1o de lo que esperamos le suceda al colegio FRANCISCO JOSE DE CALDAS en su devenir educativo. \u00a1FELICITACIONES!<\/p>\n<p>Julio Cesar Jaime Mart\u00ednez.<\/p>\n<p>Septiembre de 2017.[\/vc_column_text][\/vc_column][\/vc_row][vc_row][vc_column]<div class=\"thim-widget-heading template-base\"><div class=\"sc_heading  text-center\"><h3 class=\"title\">S\u00cdMBOLOS <strong> INSTITUCIONALES<\/strong><\/h3><\/div><\/div>[\/vc_column][\/vc_row][vc_row][vc_column][vc_column_text]<\/p>\n<h3 class=\"thim-text-title\">ESCUDO<\/h3>\n<p>[\/vc_column_text][vc_single_image image=\u00bb11706&#8243; img_size=\u00bbmedium\u00bb alignment=\u00bbcenter\u00bb][\/vc_column][\/vc_row][vc_row full_width=\u00bbstretch_row_content_no_spaces\u00bb css=\u00bb.vc_custom_1562190072289{background-color: #e4f7ee !important;}\u00bb][vc_column][vc_row_inner][vc_column_inner]<div class=\"thim-widget-heading template-base\"><div class=\"sc_heading  text-center\"><h3 class=\"title\"><strong>Himno<\/strong> Institucional<\/h3><span class=\"line\"><\/span><\/div><\/div>[\/vc_column_inner][\/vc_row_inner][vc_row_inner][vc_column_inner width=\u00bb1\/3&#8243;]<div class=\"thim-widget-heading template-base\"><div class=\"sc_heading  text-center\"><h3 class=\"title\">CORO<\/h3><span class=\"line\"><\/span><\/div><\/div>[vc_column_text]<\/p>\n<div style=\"text-align: center;\">Con gozo indescriptible<br \/>\nvenimos a entonar<br \/>\nun c\u00e1ntico sublime<br \/>\nde ciencia y libertad.<\/div>\n<p>[\/vc_column_text]<div class=\"thim-widget-heading template-base\"><div class=\"sc_heading  text-center\"><h3 class=\"title\">III<\/h3><span class=\"line\"><\/span><\/div><\/div>[vc_column_text]<\/p>\n<div style=\"text-align: center;\">Las selvas y los montes,<br \/>\ndel vasto Catatumbo,<br \/>\nprotegen la morada<br \/>\ndel indio motil\u00f3n.<br \/>\nDe pronto sus follajes<br \/>\nse tornan en capullos<br \/>\ny dejan estampada<br \/>\nla cruz del redentor.<\/div>\n<p>[\/vc_column_text][\/vc_column_inner][vc_column_inner width=\u00bb1\/3&#8243;]<div class=\"thim-widget-heading template-base\"><div class=\"sc_heading  text-center\"><h3 class=\"title\">I<\/h3><span class=\"line\"><\/span><\/div><\/div>[vc_column_text]<\/p>\n<div style=\"text-align: center;\">Las aulas del colegio.<br \/>\nCu\u00e1l fuentes cristalinas<br \/>\nliberan nuestra mente<br \/>\ndel tr\u00e1gico pensar,<br \/>\ndestruye la ignorancia,<br \/>\nfurtiva entre la sombra,<br \/>\nen \u00e1nfora divina<br \/>\nnos dan prosperidad.<\/div>\n<p>[\/vc_column_text]<div class=\"thim-widget-heading template-base\"><div class=\"sc_heading  text-center\"><h3 class=\"title\">IV<\/h3><span class=\"line\"><\/span><\/div><\/div>[vc_column_text]<\/p>\n<div style=\"text-align: center;\">La vida es una lucha<br \/>\nde hombres incansables,<br \/>\npor ello nuestro pecho<br \/>\npalpita con furor.<br \/>\nLos libros de la ciencia<br \/>\nportamos con orgullo,<br \/>\ncon \u00e9picos clarines<br \/>\ncantamos al Creador.<\/div>\n<p>[\/vc_column_text][\/vc_column_inner][vc_column_inner width=\u00bb1\/3&#8243;]<div class=\"thim-widget-heading template-base\"><div class=\"sc_heading  text-center\"><h3 class=\"title\">II<\/h3><span class=\"line\"><\/span><\/div><\/div>[vc_column_text]<\/p>\n<div style=\"text-align: center;\">Tib\u00fa es nuestro suelo,<br \/>\nColombia, la esperanza,<br \/>\na Caldas y su nombre<br \/>\nllevamos con honor.<br \/>\nCultura es nuestro lema<br \/>\ntrabajo la divisa<br \/>\nel faro de la ciencia<br \/>\nbuscamos con fervor.<\/div>\n<p>[\/vc_column_text][\/vc_column_inner][\/vc_row_inner][\/vc_column][\/vc_row]<\/p>\n<\/div>","protected":false},"excerpt":{"rendered":"<p>[vc_row][vc_column][\/vc_column][\/vc_row][vc_row css=\u00bb.vc_custom_1559531433775{margin-bottom: 15px !important;}\u00bb][vc_column width=\u00bb1\/2&#8243; css=\u00bb.vc_custom_1562189724494{margin-bottom: 30px !important;}\u00bb][vc_column_text] Misi\u00f3n La Instituci\u00f3n Educativa Francisco Jos\u00e9 de Caldas, es un establecimiento de car\u00e1cter oficial que ofrece los niveles de preescolar, b\u00e1sica primaria y secundaria, media acad\u00e9mica y t\u00e9cnica, bachillerato por ciclos y &hellip; <\/p>\n","protected":false},"author":1,"featured_media":12062,"parent":0,"menu_order":0,"comment_status":"closed","ping_status":"closed","template":"","meta":{"footnotes":""},"class_list":["post-11502","page","type-page","status-publish","has-post-thumbnail","hentry"],"_links":{"self":[{"href":"https:\/\/iefjc.edu.co\/web\/wp-json\/wp\/v2\/pages\/11502","targetHints":{"allow":["GET"]}}],"collection":[{"href":"https:\/\/iefjc.edu.co\/web\/wp-json\/wp\/v2\/pages"}],"about":[{"href":"https:\/\/iefjc.edu.co\/web\/wp-json\/wp\/v2\/types\/page"}],"author":[{"embeddable":true,"href":"https:\/\/iefjc.edu.co\/web\/wp-json\/wp\/v2\/users\/1"}],"replies":[{"embeddable":true,"href":"https:\/\/iefjc.edu.co\/web\/wp-json\/wp\/v2\/comments?post=11502"}],"version-history":[{"count":2,"href":"https:\/\/iefjc.edu.co\/web\/wp-json\/wp\/v2\/pages\/11502\/revisions"}],"predecessor-version":[{"id":12065,"href":"https:\/\/iefjc.edu.co\/web\/wp-json\/wp\/v2\/pages\/11502\/revisions\/12065"}],"wp:featuredmedia":[{"embeddable":true,"href":"https:\/\/iefjc.edu.co\/web\/wp-json\/wp\/v2\/media\/12062"}],"wp:attachment":[{"href":"https:\/\/iefjc.edu.co\/web\/wp-json\/wp\/v2\/media?parent=11502"}],"curies":[{"name":"wp","href":"https:\/\/api.w.org\/{rel}","templated":true}]}}